{"id":57,"date":"2024-07-29T21:12:52","date_gmt":"2024-07-29T21:12:52","guid":{"rendered":"https:\/\/ccviolenciaeigualdad.com\/?page_id=57"},"modified":"2024-07-30T03:57:05","modified_gmt":"2024-07-30T03:57:05","slug":"aviso-legal","status":"publish","type":"page","link":"https:\/\/ccviolenciaeigualdad.com\/it\/aviso-legal\/","title":{"rendered":"Avviso legale"},"content":{"rendered":"<div data-elementor-type=\"wp-page\" data-elementor-id=\"57\" class=\"elementor elementor-57\" data-elementor-post-type=\"page\">\n\t\t\t\t<div class=\"elementor-element elementor-element-37262a3a e-flex e-con-boxed e-con e-parent\" data-id=\"37262a3a\" data-element_type=\"container\" data-settings=\"{&quot;background_background&quot;:&quot;classic&quot;}\">\n\t\t\t\t\t<div class=\"e-con-inner\">\n\t\t\t\t<div class=\"elementor-element elementor-element-56007bec elementor-widget elementor-widget-heading\" data-id=\"56007bec\" data-element_type=\"widget\" data-widget_type=\"heading.default\">\n\t\t\t\t<div class=\"elementor-widget-container\">\n\t\t\t\t\t<h1 class=\"elementor-heading-title elementor-size-default\">Avviso legale<\/h1>\t\t\t\t<\/div>\n\t\t\t\t<\/div>\n\t\t\t\t\t<\/div>\n\t\t\t\t<\/div>\n\t\t<div class=\"elementor-element elementor-element-315d61d7 e-flex e-con-boxed e-con e-parent\" data-id=\"315d61d7\" data-element_type=\"container\">\n\t\t\t\t\t<div class=\"e-con-inner\">\n\t\t<div class=\"elementor-element elementor-element-7ff28e7a e-con-full e-flex e-con e-child\" data-id=\"7ff28e7a\" data-element_type=\"container\">\n\t\t<div class=\"elementor-element elementor-element-4c38325f e-con-full e-flex e-con e-child\" data-id=\"4c38325f\" data-element_type=\"container\" data-settings=\"{&quot;sticky&quot;:&quot;top&quot;,&quot;sticky_parent&quot;:&quot;yes&quot;,&quot;sticky_offset&quot;:150,&quot;sticky_on&quot;:[&quot;desktop&quot;,&quot;tablet&quot;,&quot;mobile&quot;],&quot;sticky_effects_offset&quot;:0,&quot;sticky_anchor_link_offset&quot;:0}\">\n\t\t\t\t<div class=\"elementor-element elementor-element-3d781e8 elementor-widget elementor-widget-heading\" data-id=\"3d781e8\" data-element_type=\"widget\" data-widget_type=\"heading.default\">\n\t\t\t\t<div class=\"elementor-widget-container\">\n\t\t\t\t\t<div class=\"elementor-heading-title elementor-size-default\">Avviso legale<\/div>\t\t\t\t<\/div>\n\t\t\t\t<\/div>\n\t\t\t\t<div class=\"elementor-element elementor-element-3b6a2c61 elementor-widget elementor-widget-heading\" data-id=\"3b6a2c61\" data-element_type=\"widget\" data-widget_type=\"heading.default\">\n\t\t\t\t<div class=\"elementor-widget-container\">\n\t\t\t\t\t<div class=\"elementor-heading-title elementor-size-default\"><a href=\"https:\/\/ccviolenciaeigualdad.com\/it\/politica-de-privacidad\/\">politica sulla riservatezza<\/a><\/div>\t\t\t\t<\/div>\n\t\t\t\t<\/div>\n\t\t\t\t<div class=\"elementor-element elementor-element-15e14258 elementor-widget elementor-widget-heading\" data-id=\"15e14258\" data-element_type=\"widget\" data-widget_type=\"heading.default\">\n\t\t\t\t<div class=\"elementor-widget-container\">\n\t\t\t\t\t<div class=\"elementor-heading-title elementor-size-default\"><a href=\"https:\/\/ccviolenciaeigualdad.com\/it\/politicas-de-cookies\/\">Informativa sui cookie<\/a><\/div>\t\t\t\t<\/div>\n\t\t\t\t<\/div>\n\t\t\t\t<div class=\"elementor-element elementor-element-5b537334 elementor-widget elementor-widget-heading\" data-id=\"5b537334\" data-element_type=\"widget\" data-widget_type=\"heading.default\">\n\t\t\t\t<div class=\"elementor-widget-container\">\n\t\t\t\t\t<div class=\"elementor-heading-title elementor-size-default\"><a href=\"https:\/\/ccviolenciaeigualdad.com\/it\/declaracion-de-accesibilidad\/\">Dichiarazione di accessibilit\u00e0<\/a><\/div>\t\t\t\t<\/div>\n\t\t\t\t<\/div>\n\t\t\t\t<\/div>\n\t\t\t\t<\/div>\n\t\t<div class=\"elementor-element elementor-element-79738d2d e-flex e-con-boxed e-con e-child\" data-id=\"79738d2d\" data-element_type=\"container\">\n\t\t\t\t\t<div class=\"e-con-inner\">\n\t\t\t\t<div class=\"elementor-element elementor-element-1eea6255 elementor-widget elementor-widget-text-editor\" data-id=\"1eea6255\" data-element_type=\"widget\" data-widget_type=\"text-editor.default\">\n\t\t\t\t<div class=\"elementor-widget-container\">\n\t\t\t\t\t\t\t\t\t<h2>Titolare del trattamento dei dati<\/h2><p>In ottemperanza all&#039;obbligo di informazione stabilito dalla Legge 34\/2002, dell&#039;11 luglio, sui Servizi della Societ\u00e0 dell&#039;Informazione e del Commercio Elettronico, vi informiamo che questo sito web \u00e8 di propriet\u00e0 di:<\/p><ul><li>Sito web:\u00a0<\/li><li>Nome:\u00a0<b><br \/><\/b><\/li><li>NIF:\u00a0<\/li><li>Indirizzo:\u00a0<\/li><li>Telefono:\u00a0<\/li><li>E-mail:\u00a0<\/li><\/ul><div>\u00a0<\/div><h2>Oggetto<\/h2><p>Il Titolare del trattamento mette a disposizione degli utenti il presente documento al fine di ottemperare alla vigente normativa in materia di protezione dei dati, e nel contesto del nuovo quadro normativo stabilito dal Regolamento (UE) 2016\/679 del Parlamento europeo e del Consiglio del 27 aprile 2016 relativo alla protezione delle persone fisiche con riguardo al trattamento dei dati personali, nonch\u00e9 alla libera circolazione di tali dati (di seguito, il \u201cGDPR\u201d), e dalle normative nazionali in materia di protezione dei dati personali, nonch\u00e9 per informare tutti gli utenti del sito web sulle condizioni di utilizzo dello stesso.<\/p><p>Chiunque acceda a questo sito web assume il ruolo di utente, impegnandosi all&#039;osservanza e al rigoroso rispetto delle disposizioni qui stabilite, nonch\u00e9 di ogni altra disposizione di legge applicabile.<\/p><p>Il Titolare del trattamento si riserva il diritto di modificare qualsiasi tipo di informazione che possa apparire sul sito web, senza alcun obbligo di preavviso o di informazione degli utenti di tali modifiche, restando inteso che \u00e8 sufficiente la pubblicazione sul sito web del Titolare del trattamento. .<\/p><h2>Responsabilit\u00e0<\/h2><p>Il Titolare del trattamento declina ogni responsabilit\u00e0 derivante dalle informazioni pubblicate sul proprio sito web, a condizione che tali informazioni siano state manipolate o inserite da terzi estranei al Titolare del trattamento.<\/p><h2>Indirizzi IP<\/h2><p>I server del sito web saranno in grado di rilevare automaticamente l&#039;indirizzo IP e il nome di dominio utilizzati dall&#039;utente.<\/p><p>Un indirizzo IP \u00e8 un numero assegnato automaticamente a un computer quando si connette a Internet. Tutte queste informazioni vengono registrate in un registro delle attivit\u00e0 del server debitamente registrato, che consente la successiva elaborazione dei dati per ottenere misurazioni puramente statistiche che rivelano il numero di visualizzazioni di pagina, il numero di visite ai server web, l&#039;ordine delle visite, il punto di accesso, ecc.<\/p><h2>Politica sui link<\/h2><p>Da questo sito web, potresti essere reindirizzato a contenuti di siti web di terze parti. Poich\u00e9 il Titolare del trattamento non pu\u00f2 sempre controllare i contenuti pubblicati da terze parti sui propri siti web, non si assume alcuna responsabilit\u00e0 per tali contenuti. In ogni caso, il Titolare del trattamento dichiara che rimuover\u00e0 immediatamente qualsiasi contenuto che possa violare la legge nazionale o internazionale, il buon costume o l&#039;ordine pubblico e rimuover\u00e0 immediatamente il reindirizzamento a questo sito web, segnalando il contenuto in questione alle autorit\u00e0 competenti.<\/p><p>Il Titolare del trattamento non \u00e8 responsabile delle informazioni e dei contenuti memorizzati, inclusi, a titolo esemplificativo ma non esaustivo, forum, chat, generatori di blog, commenti, social network o qualsiasi altro mezzo che consenta a terzi di pubblicare contenuti in modo indipendente sul sito web del Titolare del trattamento. Tuttavia, e in conformit\u00e0 con gli articoli 11 e 16 della LSSICE (Legge spagnola sui servizi della societ\u00e0 dell&#039;informazione e del commercio elettronico), il Titolare del trattamento si mette a disposizione di tutti gli utenti, autorit\u00e0 e forze dell&#039;ordine, collaborando attivamente alla rimozione o, se del caso, al blocco di qualsiasi contenuto che possa ledere o violare la legislazione nazionale o internazionale, i diritti di terzi o la morale e l&#039;ordine pubblico. Se un utente ritiene che qualsiasi contenuto del sito web possa rientrare in questa categoria,<\/p><p>Questo sito web \u00e8 stato esaminato e testato per garantirne il corretto funzionamento. In linea di principio, il suo corretto funzionamento pu\u00f2 essere garantito 24 ore su 24, 365 giorni all&#039;anno. Tuttavia, il proprietario del sito web non esclude la possibilit\u00e0 di errori di programmazione o di eventi di forza maggiore, come calamit\u00e0 naturali, scioperi o circostanze simili, che possano impedire l&#039;accesso al sito web.<\/p><h2>Protezione dei dati<\/h2><p>Il Titolare del trattamento \u00e8 profondamente impegnato nel rispetto della normativa vigente in materia di protezione dei dati, e nel contesto del nuovo quadro normativo istituito dal Regolamento (UE) 2016\/679 del Parlamento europeo e del Consiglio del 27 aprile 2016 relativo alla protezione delle persone fisiche con riguardo al trattamento dei dati personali, nonch\u00e9 alla libera circolazione di tali dati (di seguito, GDPR), e delle normative nazionali in materia di protezione dei dati personali.<\/p><p>Inoltre, il Titolare del trattamento informa che ottempera alla Legge 34\/2002 dell&#039;11 luglio, sui Servizi della Societ\u00e0 dell&#039;Informazione e del Commercio Elettronico, e richieder\u00e0 di volta in volta il tuo consenso al trattamento dei tuoi dati per scopi commerciali.<\/p><h2>Propriet\u00e0 intellettuale e industriale<\/h2><p>Il sito web, inclusi, a titolo esemplificativo ma non esaustivo, la sua programmazione, modifica, compilazione e altri elementi necessari al suo funzionamento, i design, i loghi, il testo e\/o la grafica sono di propriet\u00e0 del Titolare o, ove applicabile, dispongono di una licenza o di un&#039;autorizzazione espressa degli autori.<\/p><p>Tutti i contenuti del sito web sono debitamente protetti dalle normative sulla propriet\u00e0 intellettuale e industriale.<\/p><p>Indipendentemente dalla finalit\u00e0 per cui sono stati concepiti, la riproduzione totale o parziale, l&#039;utilizzo, lo sfruttamento, la distribuzione e la commercializzazione di tali materiali richiedono la previa autorizzazione scritta del Titolare del trattamento. Qualsiasi utilizzo non preventivamente autorizzato dal Titolare del trattamento sar\u00e0 considerato una grave violazione dei diritti di propriet\u00e0 intellettuale o industriale dell&#039;autore.<\/p><p>I disegni, i loghi, i testi e\/o la grafica di terze parti eventualmente presenti sul sito web sono di propriet\u00e0 dei rispettivi titolari, i quali sono gli unici responsabili per eventuali controversie che dovessero sorgere in merito agli stessi. In ogni caso, il Titolare del trattamento ha ottenuto l&#039;espressa e preventiva autorizzazione dei medesimi titolari.<\/p><p>Il Titolare autorizza espressamente i terzi a reindirizzare direttamente a specifici contenuti del sito web e in ogni caso dovranno reindirizzare alla pagina principale del sito web del Titolare.<\/p><p>Il Titolare riconosce i corrispondenti diritti di propriet\u00e0 intellettuale e industriale dei rispettivi titolari e la loro semplice menzione o apparizione sul sito web non implica l&#039;esistenza di diritti o responsabilit\u00e0 del Titolare su di essi, n\u00e9 il loro appoggio, sponsorizzazione o raccomandazione da parte degli stessi.<\/p><p>Per tutte le immagini in cui il software di progettazione lo consente, sono stati inclusi i corrispondenti riferimenti alla paternit\u00e0 e alla licenza corrispondente.<\/p><p>Per segnalare eventuali sospette violazioni dei diritti di propriet\u00e0 intellettuale o industriale, oppure eventuali problemi relativi al contenuto del sito web, utilizzare il seguente indirizzo e-mail:\u00a0<\/p>\t\t\t\t\t\t\t\t<\/div>\n\t\t\t\t<\/div>\n\t\t\t\t\t<\/div>\n\t\t\t\t<\/div>\n\t\t\t\t\t<\/div>\n\t\t\t\t<\/div>\n\t\t\t\t<\/div>","protected":false},"excerpt":{"rendered":"<p>Aviso Legal\u200b Aviso Legal Pol\u00edtica de Privacidad Pol\u00edtica de Cookies Declaraci\u00f3n de accesibilidad Responsable del tratamiento de los datos En cumplimiento del deber de informaci\u00f3n que establece la Ley La 34\/2002, de 11 de julio, de Servicios de la Sociedad de la Informaci\u00f3n y del Comercio Electr\u00f3nico, le comunicamos que esta web es titularidad de: [&hellip;]<\/p>","protected":false},"author":2,"featured_media":0,"parent":0,"menu_order":0,"comment_status":"closed","ping_status":"closed","template":"","meta":{"footnotes":""},"class_list":["post-57","page","type-page","status-publish","hentry"],"yoast_head":"<!-- This site is optimized with the Yoast SEO plugin v26.3 - https:\/\/yoast.com\/wordpress\/plugins\/seo\/ -->\n<title>Aviso Legal - Claudia Cruzado<\/title>\n<meta name=\"robots\" content=\"index, follow, max-snippet:-1, max-image-preview:large, max-video-preview:-1\" \/>\n<link rel=\"canonical\" href=\"https:\/\/ccviolenciaeigualdad.com\/it\/aviso-legal\/\" \/>\n<meta property=\"og:locale\" content=\"it_IT\" \/>\n<meta property=\"og:type\" content=\"article\" \/>\n<meta property=\"og:title\" content=\"Aviso Legal - Claudia Cruzado\" \/>\n<meta property=\"og:description\" content=\"Aviso Legal\u200b Aviso Legal Pol\u00edtica de Privacidad Pol\u00edtica de Cookies Declaraci\u00f3n de accesibilidad Responsable del tratamiento de los datos En cumplimiento del deber de informaci\u00f3n que establece la Ley La 34\/2002, de 11 de julio, de Servicios de la Sociedad de la Informaci\u00f3n y del Comercio Electr\u00f3nico, le comunicamos que esta web es titularidad de: [&hellip;]\" \/>\n<meta property=\"og:url\" content=\"https:\/\/ccviolenciaeigualdad.com\/it\/aviso-legal\/\" \/>\n<meta property=\"og:site_name\" content=\"Claudia Cruzado\" \/>\n<meta property=\"article:modified_time\" content=\"2024-07-30T03:57:05+00:00\" \/>\n<meta name=\"twitter:card\" content=\"summary_large_image\" \/>\n<meta name=\"twitter:label1\" content=\"Tempo di lettura stimato\" \/>\n\t<meta name=\"twitter:data1\" content=\"6 minuti\" \/>\n<script type=\"application\/ld+json\" class=\"yoast-schema-graph\">{\"@context\":\"https:\/\/schema.org\",\"@graph\":[{\"@type\":\"WebPage\",\"@id\":\"https:\/\/ccviolenciaeigualdad.com\/aviso-legal\/\",\"url\":\"https:\/\/ccviolenciaeigualdad.com\/aviso-legal\/\",\"name\":\"Aviso Legal - Claudia Cruzado\",\"isPartOf\":{\"@id\":\"https:\/\/ccviolenciaeigualdad.com\/#website\"},\"datePublished\":\"2024-07-29T21:12:52+00:00\",\"dateModified\":\"2024-07-30T03:57:05+00:00\",\"breadcrumb\":{\"@id\":\"https:\/\/ccviolenciaeigualdad.com\/aviso-legal\/#breadcrumb\"},\"inLanguage\":\"it-IT\",\"potentialAction\":[{\"@type\":\"ReadAction\",\"target\":[\"https:\/\/ccviolenciaeigualdad.com\/aviso-legal\/\"]}]},{\"@type\":\"BreadcrumbList\",\"@id\":\"https:\/\/ccviolenciaeigualdad.com\/aviso-legal\/#breadcrumb\",\"itemListElement\":[{\"@type\":\"ListItem\",\"position\":1,\"name\":\"Home\",\"item\":\"https:\/\/ccviolenciaeigualdad.com\/\"},{\"@type\":\"ListItem\",\"position\":2,\"name\":\"Aviso Legal\"}]},{\"@type\":\"WebSite\",\"@id\":\"https:\/\/ccviolenciaeigualdad.com\/#website\",\"url\":\"https:\/\/ccviolenciaeigualdad.com\/\",\"name\":\"Claudia Cruzado\",\"description\":\"Consultora especializada en igualdad, violencia de g\u00e9nero y acoso laboral\",\"publisher\":{\"@id\":\"https:\/\/ccviolenciaeigualdad.com\/#organization\"},\"potentialAction\":[{\"@type\":\"SearchAction\",\"target\":{\"@type\":\"EntryPoint\",\"urlTemplate\":\"https:\/\/ccviolenciaeigualdad.com\/?s={search_term_string}\"},\"query-input\":{\"@type\":\"PropertyValueSpecification\",\"valueRequired\":true,\"valueName\":\"search_term_string\"}}],\"inLanguage\":\"it-IT\"},{\"@type\":\"Organization\",\"@id\":\"https:\/\/ccviolenciaeigualdad.com\/#organization\",\"name\":\"Claudia Cruzado\",\"url\":\"https:\/\/ccviolenciaeigualdad.com\/\",\"logo\":{\"@type\":\"ImageObject\",\"inLanguage\":\"it-IT\",\"@id\":\"https:\/\/ccviolenciaeigualdad.com\/#\/schema\/logo\/image\/\",\"url\":\"https:\/\/ccviolenciaeigualdad.com\/wp-content\/uploads\/2025\/10\/cropped-logo-fondo-claudia-cruzado-1-1.png\",\"contentUrl\":\"https:\/\/ccviolenciaeigualdad.com\/wp-content\/uploads\/2025\/10\/cropped-logo-fondo-claudia-cruzado-1-1.png\",\"width\":1080,\"height\":373,\"caption\":\"Claudia Cruzado\"},\"image\":{\"@id\":\"https:\/\/ccviolenciaeigualdad.com\/#\/schema\/logo\/image\/\"}}]}<\/script>\n<!-- \/ Yoast SEO plugin. -->","yoast_head_json":{"title":"Aviso Legal - Claudia Cruzado","robots":{"index":"index","follow":"follow","max-snippet":"max-snippet:-1","max-image-preview":"max-image-preview:large","max-video-preview":"max-video-preview:-1"},"canonical":"https:\/\/ccviolenciaeigualdad.com\/it\/aviso-legal\/","og_locale":"it_IT","og_type":"article","og_title":"Aviso Legal - Claudia Cruzado","og_description":"Aviso Legal\u200b Aviso Legal Pol\u00edtica de Privacidad Pol\u00edtica de Cookies Declaraci\u00f3n de accesibilidad Responsable del tratamiento de los datos En cumplimiento del deber de informaci\u00f3n que establece la Ley La 34\/2002, de 11 de julio, de Servicios de la Sociedad de la Informaci\u00f3n y del Comercio Electr\u00f3nico, le comunicamos que esta web es titularidad de: [&hellip;]","og_url":"https:\/\/ccviolenciaeigualdad.com\/it\/aviso-legal\/","og_site_name":"Claudia Cruzado","article_modified_time":"2024-07-30T03:57:05+00:00","twitter_card":"summary_large_image","twitter_misc":{"Tempo di lettura stimato":"6 minuti"},"schema":{"@context":"https:\/\/schema.org","@graph":[{"@type":"WebPage","@id":"https:\/\/ccviolenciaeigualdad.com\/aviso-legal\/","url":"https:\/\/ccviolenciaeigualdad.com\/aviso-legal\/","name":"Aviso Legal - Claudia Cruzado","isPartOf":{"@id":"https:\/\/ccviolenciaeigualdad.com\/#website"},"datePublished":"2024-07-29T21:12:52+00:00","dateModified":"2024-07-30T03:57:05+00:00","breadcrumb":{"@id":"https:\/\/ccviolenciaeigualdad.com\/aviso-legal\/#breadcrumb"},"inLanguage":"it-IT","potentialAction":[{"@type":"ReadAction","target":["https:\/\/ccviolenciaeigualdad.com\/aviso-legal\/"]}]},{"@type":"BreadcrumbList","@id":"https:\/\/ccviolenciaeigualdad.com\/aviso-legal\/#breadcrumb","itemListElement":[{"@type":"ListItem","position":1,"name":"Home","item":"https:\/\/ccviolenciaeigualdad.com\/"},{"@type":"ListItem","position":2,"name":"Aviso Legal"}]},{"@type":"WebSite","@id":"https:\/\/ccviolenciaeigualdad.com\/#website","url":"https:\/\/ccviolenciaeigualdad.com\/","name":"Claudia Cruzado","description":"Consulente specializzato in parit\u00e0, violenza di genere e molestie sul posto di lavoro","publisher":{"@id":"https:\/\/ccviolenciaeigualdad.com\/#organization"},"potentialAction":[{"@type":"SearchAction","target":{"@type":"EntryPoint","urlTemplate":"https:\/\/ccviolenciaeigualdad.com\/?s={search_term_string}"},"query-input":{"@type":"PropertyValueSpecification","valueRequired":true,"valueName":"search_term_string"}}],"inLanguage":"it-IT"},{"@type":"Organization","@id":"https:\/\/ccviolenciaeigualdad.com\/#organization","name":"Claudia Cruzado","url":"https:\/\/ccviolenciaeigualdad.com\/","logo":{"@type":"ImageObject","inLanguage":"it-IT","@id":"https:\/\/ccviolenciaeigualdad.com\/#\/schema\/logo\/image\/","url":"https:\/\/ccviolenciaeigualdad.com\/wp-content\/uploads\/2025\/10\/cropped-logo-fondo-claudia-cruzado-1-1.png","contentUrl":"https:\/\/ccviolenciaeigualdad.com\/wp-content\/uploads\/2025\/10\/cropped-logo-fondo-claudia-cruzado-1-1.png","width":1080,"height":373,"caption":"Claudia Cruzado"},"image":{"@id":"https:\/\/ccviolenciaeigualdad.com\/#\/schema\/logo\/image\/"}}]}},"_links":{"self":[{"href":"https:\/\/ccviolenciaeigualdad.com\/it\/wp-json\/wp\/v2\/pages\/57","targetHints":{"allow":["GET"]}}],"collection":[{"href":"https:\/\/ccviolenciaeigualdad.com\/it\/wp-json\/wp\/v2\/pages"}],"about":[{"href":"https:\/\/ccviolenciaeigualdad.com\/it\/wp-json\/wp\/v2\/types\/page"}],"author":[{"embeddable":true,"href":"https:\/\/ccviolenciaeigualdad.com\/it\/wp-json\/wp\/v2\/users\/2"}],"replies":[{"embeddable":true,"href":"https:\/\/ccviolenciaeigualdad.com\/it\/wp-json\/wp\/v2\/comments?post=57"}],"version-history":[{"count":4,"href":"https:\/\/ccviolenciaeigualdad.com\/it\/wp-json\/wp\/v2\/pages\/57\/revisions"}],"predecessor-version":[{"id":197,"href":"https:\/\/ccviolenciaeigualdad.com\/it\/wp-json\/wp\/v2\/pages\/57\/revisions\/197"}],"wp:attachment":[{"href":"https:\/\/ccviolenciaeigualdad.com\/it\/wp-json\/wp\/v2\/media?parent=57"}],"curies":[{"name":"parola chiave","href":"https:\/\/api.w.org\/{rel}","templated":true}]}}